{"id":212,"date":"2020-11-23T10:37:20","date_gmt":"2020-11-23T09:37:20","guid":{"rendered":"https:\/\/duport-aberle.ch\/notre-societe\/"},"modified":"2025-12-10T16:17:20","modified_gmt":"2025-12-10T15:17:20","slug":"unsere-firma","status":"publish","type":"page","link":"https:\/\/duport-aberle.ch\/de\/unsere-firma\/","title":{"rendered":"Unsere Firma"},"content":{"rendered":"<div class=\"wpb-content-wrapper\"><p>[vc_row bg_type=&#8220;image&#8220; parallax_style=&#8220;vcpb-vz-jquery&#8220; bg_image_new=&#8220;id^28|url^https:\/\/duport-aberle.ch\/wp-content\/uploads\/2020\/11\/SOCIETE_DUPORT_ABERLE_SA.jpg|caption^null|alt^duport aberle geneve|title^SOCIETE DUPORT ABERLE|description^null&#8220; bg_image_repeat=&#8220;no-repeat&#8220; bg_override=&#8220;full&#8220; type=&#8220;vc_default&#8220; margin_top=&#8220;-50&#8243; css=&#8220;.vc_custom_1606125250793{padding-top: 20% !important;padding-bottom: 20% !important;}&#8220;][vc_column offset=&#8220;vc_col-lg-12 vc_col-md-12&#8243; css=&#8220;.vc_custom_1593413697623{padding-top: 25px !important;padding-right: 25px !important;padding-left: 25px !important;}&#8220;][vc_empty_space height=&#8220;200px&#8220;][\/vc_column][\/vc_row][vc_row][vc_column]<div id=\"ultimate-heading-484169f1087b75484\" class=\"uvc-heading ult-adjust-bottom-margin ultimate-heading-484169f1087b75484 uvc-373 accent-border-color\" data-hspacer=\"line_only\"  data-halign=\"center\" style=\"text-align:center\"><div class=\"uvc-main-heading ult-responsive\"  data-ultimate-target='.uvc-heading.ultimate-heading-484169f1087b75484 h1'  data-responsive-json-new='{\"font-size\":\"mobile_landscape:25px;mobile:25px;\",\"line-height\":\"mobile_landscape:35px;mobile:35px;\"}' ><h1 style=\"font-weight:bold;margin-bottom:10px;\">Unsere Geschichte<\/h1><\/div><div class=\"uvc-heading-spacer line_only\" style=\"topheight:1px;\"><span class=\"uvc-headings-line\" style=\"border-style:solid;border-bottom-width:1px;border-color:;width:200px;\"><\/span><\/div><\/div>[vc_row_inner content_placement=&#8220;middle&#8220; css=&#8220;.vc_custom_1603816301390{padding-top: 30px !important;}&#8220;][vc_column_inner width=&#8220;1\/2&#8243; css=&#8220;.vc_custom_1605438046715{padding-top: 5px !important;}&#8220;][vc_single_image image=&#8220;135&#8243; img_size=&#8220;full&#8220;][\/vc_column_inner][vc_column_inner width=&#8220;1\/2&#8243;][vc_column_text][\/vc_column_text][vc_column_text]<\/p>\n<ul>\n<li><span style=\"color: #0067b2;\">1888<\/span><br \/>\nGr\u00fcndung der Firma in Genf durch Herrn Dusselier, der aus Frankreich kommt.<\/li>\n<li><span style=\"color: #0067b2;\">1908<\/span><br \/>\nHerr Jules Genet schliesst sich Herrn Dusselier an und \u00fcbernimmt vier Jahre sp\u00e4ter die Firma.<\/li>\n<li><span style=\"color: #0067b2;\">1920<\/span><br \/>\nMarius Duport schliesst sich der Firma an.<\/li>\n<li><span style=\"color: #0067b2;\">1950<\/span><br \/>\nRaoul Duport (Sohn von Marius) st\u00f6sst dazu.<\/li>\n<li><span style=\"color: #0067b2;\">1955<\/span><br \/>\nTod von Marius Duport.<\/li>\n<li><span style=\"color: #0067b2;\">1971<\/span><br \/>\nRuedi Aberl\u00e9 schliesst sich dem Betrieb an.<\/li>\n<li><span style=\"color: #0067b2;\">1974<\/span><br \/>\nGr\u00fcndung der Aktiengesellschaft, die ab jetzt Duport &amp; Cie S.A. heisst.<\/li>\n<li><span style=\"color: #0067b2;\">1985<\/span><br \/>\nPatrick Aberl\u00e9 (Sohn von Ruedi) st\u00f6sst zur Firma dazu, welche nun unter dem Namen Duport-Aberl\u00e9 S.A. l\u00e4uft.<\/li>\n<li><span style=\"color: #0067b2;\">1988<\/span><br \/>\nRaoul Duport geht in Fr\u00fchrente.<\/li>\n<li><span style=\"color: #0067b2;\">2000<\/span><br \/>\nPatrick Aberl\u00e9 \u00fcbernimmt die Firma, w\u00e4hrend sich Ruedi Aberl\u00e9 aus den Gesch\u00e4ften zur\u00fcckzieht.<\/li>\n<\/ul>\n<p>[\/vc_column_text][\/vc_column_inner][\/vc_row_inner][\/vc_column][\/vc_row][vc_row bg_type=&#8220;bg_color&#8220; bg_override=&#8220;ex-full&#8220; type=&#8220;vc_default&#8220; css=&#8220;.vc_custom_1603816501601{padding-top: 20px !important;padding-bottom: 20px !important;}&#8220; bg_color_value=&#8220;#0067b2&#8243;][vc_column][vc_column_text]<span style=\"font-size: 18px; line-height: 28px; color: #ffffff;\">Urspr\u00fcnglich im allgemeinen Handel mit Lebensmitteln t\u00e4tig, hat sich Duport-Aberl\u00e9 SA im Laufe der Zeit auf Fischkonserven spezialisiert. Seit 2011 wurde das Angebot noch einmal um die Vertretung der baskischen Produkte von <strong>Ederki<\/strong> erweitert.<\/span>[\/vc_column_text][\/vc_column][\/vc_row][vc_row][vc_column]<div id=\"ultimate-heading-323369f1087b7553d\" class=\"uvc-heading ult-adjust-bottom-margin ultimate-heading-323369f1087b7553d uvc-7068 accent-border-color\" data-hspacer=\"line_only\"  data-halign=\"left\" style=\"text-align:left\"><div class=\"uvc-main-heading ult-responsive\"  data-ultimate-target='.uvc-heading.ultimate-heading-323369f1087b7553d h1'  data-responsive-json-new='{\"font-size\":\"mobile_landscape:25px;mobile:25px;\",\"line-height\":\"mobile_landscape:35px;mobile:35px;\"}' ><h1 style=\"font-weight:bold;margin-bottom:10px;\">Unsere Produkte<\/h1><\/div><div class=\"uvc-heading-spacer line_only\" style=\"topheight:1px;\"><span class=\"uvc-headings-line\" style=\"border-style:solid;border-bottom-width:1px;border-color:;width:200px;\"><\/span><\/div><\/div>[\/vc_column][\/vc_row][vc_row type=&#8220;vc_default&#8220; css=&#8220;.vc_custom_1603797492893{padding-top: 30px !important;}&#8220;][vc_column]<style type=\"text\/css\" data-type=\"the7_shortcodes-inline-css\">.carousel-shortcode.carousel-shortcode-id-89d68c7c7bc0feaf80cd186ea4b5040d.owl-carousel .owl-nav div {\n  width: 36px;\n  height: 36px;\n  border-radius: 500px;\n}\n.dt-arrow-border-on.carousel-shortcode.carousel-shortcode-id-89d68c7c7bc0feaf80cd186ea4b5040d.owl-carousel .owl-nav div:not(:hover):before {\n  border-width: 0px;\n}\n.dt-arrow-hover-border-on.carousel-shortcode.carousel-shortcode-id-89d68c7c7bc0feaf80cd186ea4b5040d.owl-carousel .owl-nav div:hover:after {\n  border-width: 0px;\n}\n.carousel-shortcode.carousel-shortcode-id-89d68c7c7bc0feaf80cd186ea4b5040d.owl-carousel .owl-nav div.owl-prev {\n  top: 50%;\n  transform: translateY(calc(-50% + 0px));\n  left: -43px;\n}\n@media all and (-ms-high-contrast: none) {\n  .carousel-shortcode.carousel-shortcode-id-89d68c7c7bc0feaf80cd186ea4b5040d.owl-carousel .owl-nav div.owl-prev {\n    transform: translateY(-50%);\n    margin-top: 0px;\n  }\n}\n.carousel-shortcode.carousel-shortcode-id-89d68c7c7bc0feaf80cd186ea4b5040d.owl-carousel .owl-nav div.owl-prev i {\n  padding: 0px 0px 0px 0px;\n}\n.carousel-shortcode.carousel-shortcode-id-89d68c7c7bc0feaf80cd186ea4b5040d.owl-carousel .owl-nav div.owl-next {\n  top: 50%;\n  transform: translateY(calc(-50% + 0px));\n  right: -43px;\n}\n@media all and (-ms-high-contrast: none) {\n  .carousel-shortcode.carousel-shortcode-id-89d68c7c7bc0feaf80cd186ea4b5040d.owl-carousel .owl-nav div.owl-next {\n    transform: translateY(-50%);\n    margin-top: 0px;\n  }\n}\n.carousel-shortcode.carousel-shortcode-id-89d68c7c7bc0feaf80cd186ea4b5040d.owl-carousel .owl-nav div.owl-next i {\n  padding: 0px 0px 0px 0px;\n}\n.carousel-shortcode.carousel-shortcode-id-89d68c7c7bc0feaf80cd186ea4b5040d.owl-carousel .owl-nav i {\n  font-size: 18px;\n}\n.carousel-shortcode.carousel-shortcode-id-89d68c7c7bc0feaf80cd186ea4b5040d.owl-carousel .owl-nav div:not(:hover) i,\n.carousel-shortcode.carousel-shortcode-id-89d68c7c7bc0feaf80cd186ea4b5040d.owl-carousel .owl-nav div:not(:hover) i:before {\n  color: #ffffff;\n  background: none;\n}\n.carousel-shortcode.carousel-shortcode-id-89d68c7c7bc0feaf80cd186ea4b5040d.owl-carousel .owl-nav div:hover i,\n.carousel-shortcode.carousel-shortcode-id-89d68c7c7bc0feaf80cd186ea4b5040d.owl-carousel .owl-nav div:hover i:before {\n  color: rgba(255,255,255,0.75);\n  background: none;\n}\n.carousel-shortcode.carousel-shortcode-id-89d68c7c7bc0feaf80cd186ea4b5040d .owl-dots {\n  top: calc(100% + 20px);\n  left: 50%;\n  transform: translateX(calc(-50% + 0px));\n}\n@media all and (-ms-high-contrast: none) {\n  .carousel-shortcode.carousel-shortcode-id-89d68c7c7bc0feaf80cd186ea4b5040d .owl-dots {\n    transform: translateX(-50%);\n    margin-left: 0px;\n  }\n}\n.carousel-shortcode.carousel-shortcode-id-89d68c7c7bc0feaf80cd186ea4b5040d .owl-dot {\n  width: 10px;\n  height: 10px;\n  margin: 0 8px;\n}\n@media screen and (max-width: 778px) {\n  .carousel-shortcode.carousel-shortcode-id-89d68c7c7bc0feaf80cd186ea4b5040d.hide-arrows .owl-nav a {\n    display: none;\n  }\n}\n@media screen and (max-width: 778px) {\n  .carousel-shortcode.carousel-shortcode-id-89d68c7c7bc0feaf80cd186ea4b5040d.reposition-arrows .owl-nav div.owl-prev {\n    top: 50%;\n    transform: translateY(calc(-50% + 0px));\n    left: 10px;\n  }\n  .carousel-shortcode.carousel-shortcode-id-89d68c7c7bc0feaf80cd186ea4b5040d.reposition-arrows .owl-nav div.owl-next {\n    top: 50%;\n    transform: translateY(calc(-50% + 0px));\n    right: 10px;\n  }\n}\n@media screen and (max-width: 778px) and all and (-ms-high-contrast: none) {\n  .carousel-shortcode.carousel-shortcode-id-89d68c7c7bc0feaf80cd186ea4b5040d.reposition-arrows .owl-nav div.owl-prev {\n    transform: translateY(-50%);\n    margin-top: 0px;\n  }\n}\n@media screen and (max-width: 778px) and all and (-ms-high-contrast: none) {\n  .carousel-shortcode.carousel-shortcode-id-89d68c7c7bc0feaf80cd186ea4b5040d.reposition-arrows .owl-nav div.owl-next {\n    transform: translateY(-50%);\n    margin-top: 0px;\n  }\n}<\/style><div class=\"owl-carousel carousel-shortcode dt-owl-carousel-call carousel-shortcode-id-89d68c7c7bc0feaf80cd186ea4b5040d bullets-small-dot-stroke reposition-arrows arrows-bg-on dt-arrow-border-on dt-arrow-hover-border-on disable-arrows-hover-bg arrows-hover-bg-on  \" data-scroll-mode=\"1\" data-col-num=\"5\" data-wide-col-num=\"5\" data-laptop-col=\"5\" data-h-tablet-columns-num=\"3\" data-v-tablet-columns-num=\"2\" data-phone-columns-num=\"1\" data-auto-height=\"true\" data-col-gap=\"10\" data-stage-padding=\"0\" data-speed=\"800\" data-autoplay=\"false\" data-autoplay_speed=\"6000\" data-arrows=\"false\" data-bullet=\"false\" data-next-icon=\"icon-ar-017-r\" data-prev-icon=\"icon-ar-017-l\">[vc_single_image image=&#8220;127&#8243; img_size=&#8220;200&#215;128&#8243; alignment=&#8220;center&#8220; onclick=&#8220;custom_link&#8220; image_hovers=&#8220;false&#8220; lazy_loading=&#8220;true&#8220; link=&#8220;https:\/\/duport-aberle.ch\/de\/unsere-produkte\/hijos-de-carlos-albo\/&#8220;][vc_single_image image=&#8220;912&#8243; img_size=&#8220;200&#215;128&#8243; alignment=&#8220;center&#8220; onclick=&#8220;custom_link&#8220; css=&#8220;&#8220; image_hovers=&#8220;false&#8220; lazy_loading=&#8220;true&#8220; link=&#8220;https:\/\/duport-aberle.ch\/de\/unsere-produkte\/connetable\/&#8220;][vc_single_image image=&#8220;129&#8243; img_size=&#8220;200&#215;128&#8243; alignment=&#8220;center&#8220; onclick=&#8220;custom_link&#8220; image_hovers=&#8220;false&#8220; lazy_loading=&#8220;true&#8220; link=&#8220;https:\/\/duport-aberle.ch\/de\/unsere-produkte\/marie-elisabeth\/&#8220;][vc_single_image image=&#8220;131&#8243; img_size=&#8220;200&#215;128&#8243; alignment=&#8220;center&#8220; onclick=&#8220;custom_link&#8220; image_hovers=&#8220;false&#8220; lazy_loading=&#8220;true&#8220; link=&#8220;https:\/\/duport-aberle.ch\/de\/unsere-produkte\/petit-navire\/&#8220;][vc_single_image image=&#8220;870&#8243; img_size=&#8220;200&#215;128&#8243; alignment=&#8220;center&#8220; onclick=&#8220;custom_link&#8220; css=&#8220;&#8220; image_hovers=&#8220;false&#8220; lazy_loading=&#8220;true&#8220; link=&#8220;https:\/\/duport-aberle.ch\/de\/unsere-produkte\/ederki\/&#8220;]<\/div>[\/vc_column][\/vc_row][vc_row full_width=&#8220;stretch_row&#8220; equal_height=&#8220;yes&#8220; content_placement=&#8220;middle&#8220; type=&#8220;vc_default&#8220; css=&#8220;.vc_custom_1603872930587{margin-bottom: -15px !important;padding-bottom: 25px !important;background-color: #67b0e2 !important;}&#8220;][vc_column offset=&#8220;vc_col-lg-8 vc_col-md-8 vc_col-xs-12&#8243;][vc_row_inner][vc_column_inner offset=&#8220;vc_hidden-sm vc_hidden-xs&#8220;]<div id=\"ultimate-heading-499969f1087b757ed\" class=\"uvc-heading ult-adjust-bottom-margin ultimate-heading-499969f1087b757ed uvc-4122 \" data-hspacer=\"no_spacer\"  data-halign=\"left\" style=\"text-align:left\"><div class=\"uvc-heading-spacer no_spacer\" style=\"top\"><\/div><div class=\"uvc-main-heading ult-responsive\"  data-ultimate-target='.uvc-heading.ultimate-heading-499969f1087b757ed h4'  data-responsive-json-new='{\"font-size\":\"desktop:28px;\",\"line-height\":\"\"}' ><h4 style=\"font-weight:600;color:#ffffff;margin-bottom:10px;\">Kontaktieren Sie DUPORT-ABERL\u00c9 SA<\/h4><\/div><div class=\"uvc-sub-heading ult-responsive\"  data-ultimate-target='.uvc-heading.ultimate-heading-499969f1087b757ed .uvc-sub-heading '  data-responsive-json-new='{\"font-size\":\"\",\"line-height\":\"\"}'  style=\"font-weight:normal;color:#ffffff;\">F\u00fcr jegliche Information z\u00f6gern Sie bitte nicht, uns zu kontaktieren. Wir antworten Ihnen schnellstm\u00f6glich.<\/div><\/div>[\/vc_column_inner][\/vc_row_inner][vc_row_inner][vc_column_inner offset=&#8220;vc_hidden-lg vc_hidden-md&#8220;]<div id=\"ultimate-heading-95969f1087b758a4\" class=\"uvc-heading ult-adjust-bottom-margin ultimate-heading-95969f1087b758a4 uvc-3156 \" data-hspacer=\"no_spacer\"  data-halign=\"center\" style=\"text-align:center\"><div class=\"uvc-heading-spacer no_spacer\" style=\"top\"><\/div><div class=\"uvc-main-heading ult-responsive\"  data-ultimate-target='.uvc-heading.ultimate-heading-95969f1087b758a4 h4'  data-responsive-json-new='{\"font-size\":\"tablet:18px;tablet_portrait:18px;mobile_landscape:18px;mobile:18px;\",\"line-height\":\"\"}' ><h4 style=\"font-family:&#039;Poppins&#039;;font-weight:600;color:#ffffff;margin-bottom:10px;\">Kontaktieren Sie DUPORT-ABERL\u00c9 SA<\/h4><\/div><div class=\"uvc-sub-heading ult-responsive\"  data-ultimate-target='.uvc-heading.ultimate-heading-95969f1087b758a4 .uvc-sub-heading '  data-responsive-json-new='{\"font-size\":\"\",\"line-height\":\"\"}'  style=\"font-weight:normal;color:#ffffff;\">F\u00fcr jegliche Information z\u00f6gern Sie bitte nicht, uns zu kontaktieren. Wir antworten Ihnen schnellstm\u00f6glich.<\/div><\/div><div class=\" vc_custom_1606226045949 ubtn-ctn-center \"><a class=\"ubtn-link ult-adjust-bottom-margin ubtn-center ubtn-custom \" href=\"https:\/\/duport-aberle.ch\/de\/kontakt\/\" title=\"KONTAKT\" ><button type=\"button\" id=\"ubtn-8792\"  class=\"ubtn ult-adjust-bottom-margin ult-responsive ubtn-custom ubtn-fade-bg  none  ubtn-center   tooltip-69f1087b75968\"  data-hover=\"#ffffff\" data-border-color=\"#ffffff\" data-bg=\"\" data-hover-bg=\"#0067b2\" data-border-hover=\"#ffffff\" data-shadow-hover=\"\" data-shadow-click=\"none\" data-shadow=\"\" data-shd-shadow=\"\"  data-ultimate-target='#ubtn-8792'  data-responsive-json-new='{\"font-size\":\"desktop:20px;tablet:14px;tablet_portrait:14px;mobile_landscape:14px;mobile:14px;\",\"line-height\":\"desktop:20px;\"}'  style=\"font-family:&#039;Poppins&#039;;font-weight:600;width:px;min-height:38px;padding:15px 25px;border-radius:0px;border-width:3px;border-color:#ffffff;border-style:solid;color: #ffffff;\"><span class=\"ubtn-hover\" style=\"background-color:#0067b2\"><\/span><span class=\"ubtn-data ubtn-text \" >KONTAKTIEREN SIE UNS<\/span><\/button><\/a><\/div>[\/vc_column_inner][\/vc_row_inner][\/vc_column][vc_column offset=&#8220;vc_col-lg-4 vc_col-md-4 vc_hidden-sm vc_col-xs-12 vc_hidden-xs&#8220;]<div class=\" vc_custom_1606226032944 ubtn-ctn-center \"><a class=\"ubtn-link ult-adjust-bottom-margin ubtn-center ubtn-custom \" href=\"https:\/\/duport-aberle.ch\/de\/kontakt\/\" title=\"KONTAKT\" ><button type=\"button\" id=\"ubtn-7246\"  class=\"ubtn ult-adjust-bottom-margin ult-responsive ubtn-custom ubtn-fade-bg  none  ubtn-center   tooltip-69f1087b75a72\"  data-hover=\"#ffffff\" data-border-color=\"#ffffff\" data-bg=\"\" data-hover-bg=\"#0067b2\" data-border-hover=\"#ffffff\" data-shadow-hover=\"\" data-shadow-click=\"none\" data-shadow=\"\" data-shd-shadow=\"\"  data-ultimate-target='#ubtn-7246'  data-responsive-json-new='{\"font-size\":\"desktop:20px;\",\"line-height\":\"desktop:20px;\"}'  style=\"font-family:&#039;Poppins&#039;;font-weight:600;width:px;min-height:38px;padding:15px 25px;border-radius:0px;border-width:4px;border-color:#ffffff;border-style:solid;color: #ffffff;\"><span class=\"ubtn-hover\" style=\"background-color:#0067b2\"><\/span><span class=\"ubtn-data ubtn-text \" >KONTAKTIEREN SIE UNS<\/span><\/button><\/a><\/div>[\/vc_column][\/vc_row]<\/p>\n<\/div>","protected":false},"excerpt":{"rendered":"<p>[vc_row bg_type=&#8220;image&#8220; parallax_style=&#8220;vcpb-vz-jquery&#8220; bg_image_new=&#8220;id^28|url^https:\/\/duport-aberle.ch\/wp-content\/uploads\/2020\/11\/SOCIETE_DUPORT_ABERLE_SA.jpg|caption^null|alt^duport aberle geneve|title^SOCIETE DUPORT ABERLE|description^null&#8220; bg_image_repeat=&#8220;no-repeat&#8220; bg_override=&#8220;full&#8220; type=&#8220;vc_default&#8220; margin_top=&#8220;-50&#8243; css=&#8220;.vc_custom_1606125250793{padding-top: 20% !important;padding-bottom: 20% !important;}&#8220;][vc_column offset=&#8220;vc_col-lg-12 vc_col-md-12&#8243; css=&#8220;.vc_custom_1593413697623{padding-top: 25px !important;padding-right: 25px !important;padding-left: 25px !important;}&#8220;][vc_empty_space height=&#8220;200px&#8220;][\/vc_column][\/vc_row][vc_row][vc_column][vc_row_inner content_placement=&#8220;middle&#8220; css=&#8220;.vc_custom_1603816301390{padding-top: 30px !important;}&#8220;][vc_column_inner width=&#8220;1\/2&#8243; css=&#8220;.vc_custom_1605438046715{padding-top: 5px !important;}&#8220;][vc_single_image image=&#8220;135&#8243; img_size=&#8220;full&#8220;][\/vc_column_inner][vc_column_inner width=&#8220;1\/2&#8243;][vc_column_text][\/vc_column_text][vc_column_text] 1888 Gr\u00fcndung der Firma in Genf durch Herrn Dusselier, der aus Frankreich kommt. 1908 Herr Jules Genet&hellip;<\/p>\n","protected":false},"author":1,"featured_media":135,"parent":0,"menu_order":0,"comment_status":"closed","ping_status":"closed","template":"","meta":{"footnotes":""},"class_list":["post-212","page","type-page","status-publish","has-post-thumbnail","hentry","description-off"],"yoast_head":"<!-- This site is optimized with the Yoast SEO plugin v27.4 - https:\/\/yoast.com\/product\/yoast-seo-wordpress\/ -->\n<title>Unsere Firma - DUPORT-ABERL\u00c9 SA<\/title>\n<meta name=\"description\" content=\"Urspr\u00fcnglich im allgemeinen Handel mit Lebensmitteln t\u00e4tig, hat sich Duport-Aberl\u00e9 SA im Laufe der Zeit auf Fischkonserven spezialisiert.\" \/>\n<meta name=\"robots\" content=\"index, follow, max-snippet:-1, max-image-preview:large, max-video-preview:-1\" \/>\n<link rel=\"canonical\" href=\"https:\/\/duport-aberle.ch\/de\/unsere-firma\/\" \/>\n<meta property=\"og:locale\" content=\"de_DE\" \/>\n<meta property=\"og:type\" content=\"article\" \/>\n<meta property=\"og:title\" content=\"Unsere Firma - DUPORT-ABERL\u00c9 SA\" \/>\n<meta property=\"og:description\" content=\"Urspr\u00fcnglich im allgemeinen Handel mit Lebensmitteln t\u00e4tig, hat sich Duport-Aberl\u00e9 SA im Laufe der Zeit auf Fischkonserven spezialisiert.\" \/>\n<meta property=\"og:url\" content=\"https:\/\/duport-aberle.ch\/de\/unsere-firma\/\" \/>\n<meta property=\"og:site_name\" content=\"DUPORT-ABERL\u00c9 SA\" \/>\n<meta property=\"article:modified_time\" content=\"2025-12-10T15:17:20+00:00\" \/>\n<meta property=\"og:image\" content=\"https:\/\/duport-aberle.ch\/wp-content\/uploads\/2020\/11\/HISTOIRE_DUPORT_ABERLE_SA.jpg\" \/>\n\t<meta property=\"og:image:width\" content=\"1140\" \/>\n\t<meta property=\"og:image:height\" content=\"1030\" \/>\n\t<meta property=\"og:image:type\" content=\"image\/jpeg\" \/>\n<meta name=\"twitter:card\" content=\"summary_large_image\" \/>\n<meta name=\"twitter:label1\" content=\"Gesch\u00e4tzte Lesezeit\" \/>\n\t<meta name=\"twitter:data1\" content=\"4\u00a0Minuten\" \/>\n<script type=\"application\/ld+json\" class=\"yoast-schema-graph\">{\"@context\":\"https:\\\/\\\/schema.org\",\"@graph\":[{\"@type\":\"WebPage\",\"@id\":\"https:\\\/\\\/duport-aberle.ch\\\/de\\\/unsere-firma\\\/\",\"url\":\"https:\\\/\\\/duport-aberle.ch\\\/de\\\/unsere-firma\\\/\",\"name\":\"Unsere Firma - DUPORT-ABERL\u00c9 SA\",\"isPartOf\":{\"@id\":\"https:\\\/\\\/duport-aberle.ch\\\/de\\\/#website\"},\"primaryImageOfPage\":{\"@id\":\"https:\\\/\\\/duport-aberle.ch\\\/de\\\/unsere-firma\\\/#primaryimage\"},\"image\":{\"@id\":\"https:\\\/\\\/duport-aberle.ch\\\/de\\\/unsere-firma\\\/#primaryimage\"},\"thumbnailUrl\":\"https:\\\/\\\/duport-aberle.ch\\\/wp-content\\\/uploads\\\/2020\\\/11\\\/HISTOIRE_DUPORT_ABERLE_SA.jpg\",\"datePublished\":\"2020-11-23T09:37:20+00:00\",\"dateModified\":\"2025-12-10T15:17:20+00:00\",\"description\":\"Urspr\u00fcnglich im allgemeinen Handel mit Lebensmitteln t\u00e4tig, hat sich Duport-Aberl\u00e9 SA im Laufe der Zeit auf Fischkonserven spezialisiert.\",\"inLanguage\":\"de\",\"potentialAction\":[{\"@type\":\"ReadAction\",\"target\":[\"https:\\\/\\\/duport-aberle.ch\\\/de\\\/unsere-firma\\\/\"]}]},{\"@type\":\"ImageObject\",\"inLanguage\":\"de\",\"@id\":\"https:\\\/\\\/duport-aberle.ch\\\/de\\\/unsere-firma\\\/#primaryimage\",\"url\":\"https:\\\/\\\/duport-aberle.ch\\\/wp-content\\\/uploads\\\/2020\\\/11\\\/HISTOIRE_DUPORT_ABERLE_SA.jpg\",\"contentUrl\":\"https:\\\/\\\/duport-aberle.ch\\\/wp-content\\\/uploads\\\/2020\\\/11\\\/HISTOIRE_DUPORT_ABERLE_SA.jpg\",\"width\":1140,\"height\":1030,\"caption\":\"Geschichte von duport aberle\"},{\"@type\":\"WebSite\",\"@id\":\"https:\\\/\\\/duport-aberle.ch\\\/de\\\/#website\",\"url\":\"https:\\\/\\\/duport-aberle.ch\\\/de\\\/\",\"name\":\"DUPORT-ABERL\u00c9 SA\",\"description\":\"La qualit\u00e9 traditionnelle bien conserv\u00e9e depuis 1888\",\"publisher\":{\"@id\":\"https:\\\/\\\/duport-aberle.ch\\\/de\\\/#organization\"},\"potentialAction\":[{\"@type\":\"SearchAction\",\"target\":{\"@type\":\"EntryPoint\",\"urlTemplate\":\"https:\\\/\\\/duport-aberle.ch\\\/de\\\/?s={search_term_string}\"},\"query-input\":{\"@type\":\"PropertyValueSpecification\",\"valueRequired\":true,\"valueName\":\"search_term_string\"}}],\"inLanguage\":\"de\"},{\"@type\":\"Organization\",\"@id\":\"https:\\\/\\\/duport-aberle.ch\\\/de\\\/#organization\",\"name\":\"Duport Aberl\u00e9 SA\",\"url\":\"https:\\\/\\\/duport-aberle.ch\\\/de\\\/\",\"logo\":{\"@type\":\"ImageObject\",\"inLanguage\":\"de\",\"@id\":\"https:\\\/\\\/duport-aberle.ch\\\/de\\\/#\\\/schema\\\/logo\\\/image\\\/\",\"url\":\"https:\\\/\\\/duport-aberle.ch\\\/wp-content\\\/uploads\\\/2020\\\/11\\\/Logo-Duport-Aberle_R.png\",\"contentUrl\":\"https:\\\/\\\/duport-aberle.ch\\\/wp-content\\\/uploads\\\/2020\\\/11\\\/Logo-Duport-Aberle_R.png\",\"width\":380,\"height\":149,\"caption\":\"Duport Aberl\u00e9 SA\"},\"image\":{\"@id\":\"https:\\\/\\\/duport-aberle.ch\\\/de\\\/#\\\/schema\\\/logo\\\/image\\\/\"}}]}<\/script>\n<!-- \/ Yoast SEO plugin. -->","yoast_head_json":{"title":"Unsere Firma - DUPORT-ABERL\u00c9 SA","description":"Urspr\u00fcnglich im allgemeinen Handel mit Lebensmitteln t\u00e4tig, hat sich Duport-Aberl\u00e9 SA im Laufe der Zeit auf Fischkonserven spezialisiert.","robots":{"index":"index","follow":"follow","max-snippet":"max-snippet:-1","max-image-preview":"max-image-preview:large","max-video-preview":"max-video-preview:-1"},"canonical":"https:\/\/duport-aberle.ch\/de\/unsere-firma\/","og_locale":"de_DE","og_type":"article","og_title":"Unsere Firma - DUPORT-ABERL\u00c9 SA","og_description":"Urspr\u00fcnglich im allgemeinen Handel mit Lebensmitteln t\u00e4tig, hat sich Duport-Aberl\u00e9 SA im Laufe der Zeit auf Fischkonserven spezialisiert.","og_url":"https:\/\/duport-aberle.ch\/de\/unsere-firma\/","og_site_name":"DUPORT-ABERL\u00c9 SA","article_modified_time":"2025-12-10T15:17:20+00:00","og_image":[{"width":1140,"height":1030,"url":"https:\/\/duport-aberle.ch\/wp-content\/uploads\/2020\/11\/HISTOIRE_DUPORT_ABERLE_SA.jpg","type":"image\/jpeg"}],"twitter_card":"summary_large_image","twitter_misc":{"Gesch\u00e4tzte Lesezeit":"4\u00a0Minuten"},"schema":{"@context":"https:\/\/schema.org","@graph":[{"@type":"WebPage","@id":"https:\/\/duport-aberle.ch\/de\/unsere-firma\/","url":"https:\/\/duport-aberle.ch\/de\/unsere-firma\/","name":"Unsere Firma - DUPORT-ABERL\u00c9 SA","isPartOf":{"@id":"https:\/\/duport-aberle.ch\/de\/#website"},"primaryImageOfPage":{"@id":"https:\/\/duport-aberle.ch\/de\/unsere-firma\/#primaryimage"},"image":{"@id":"https:\/\/duport-aberle.ch\/de\/unsere-firma\/#primaryimage"},"thumbnailUrl":"https:\/\/duport-aberle.ch\/wp-content\/uploads\/2020\/11\/HISTOIRE_DUPORT_ABERLE_SA.jpg","datePublished":"2020-11-23T09:37:20+00:00","dateModified":"2025-12-10T15:17:20+00:00","description":"Urspr\u00fcnglich im allgemeinen Handel mit Lebensmitteln t\u00e4tig, hat sich Duport-Aberl\u00e9 SA im Laufe der Zeit auf Fischkonserven spezialisiert.","inLanguage":"de","potentialAction":[{"@type":"ReadAction","target":["https:\/\/duport-aberle.ch\/de\/unsere-firma\/"]}]},{"@type":"ImageObject","inLanguage":"de","@id":"https:\/\/duport-aberle.ch\/de\/unsere-firma\/#primaryimage","url":"https:\/\/duport-aberle.ch\/wp-content\/uploads\/2020\/11\/HISTOIRE_DUPORT_ABERLE_SA.jpg","contentUrl":"https:\/\/duport-aberle.ch\/wp-content\/uploads\/2020\/11\/HISTOIRE_DUPORT_ABERLE_SA.jpg","width":1140,"height":1030,"caption":"Geschichte von duport aberle"},{"@type":"WebSite","@id":"https:\/\/duport-aberle.ch\/de\/#website","url":"https:\/\/duport-aberle.ch\/de\/","name":"DUPORT-ABERL\u00c9 SA","description":"La qualit\u00e9 traditionnelle bien conserv\u00e9e depuis 1888","publisher":{"@id":"https:\/\/duport-aberle.ch\/de\/#organization"},"potentialAction":[{"@type":"SearchAction","target":{"@type":"EntryPoint","urlTemplate":"https:\/\/duport-aberle.ch\/de\/?s={search_term_string}"},"query-input":{"@type":"PropertyValueSpecification","valueRequired":true,"valueName":"search_term_string"}}],"inLanguage":"de"},{"@type":"Organization","@id":"https:\/\/duport-aberle.ch\/de\/#organization","name":"Duport Aberl\u00e9 SA","url":"https:\/\/duport-aberle.ch\/de\/","logo":{"@type":"ImageObject","inLanguage":"de","@id":"https:\/\/duport-aberle.ch\/de\/#\/schema\/logo\/image\/","url":"https:\/\/duport-aberle.ch\/wp-content\/uploads\/2020\/11\/Logo-Duport-Aberle_R.png","contentUrl":"https:\/\/duport-aberle.ch\/wp-content\/uploads\/2020\/11\/Logo-Duport-Aberle_R.png","width":380,"height":149,"caption":"Duport Aberl\u00e9 SA"},"image":{"@id":"https:\/\/duport-aberle.ch\/de\/#\/schema\/logo\/image\/"}}]}},"_links":{"self":[{"href":"https:\/\/duport-aberle.ch\/de\/wp-json\/wp\/v2\/pages\/212","targetHints":{"allow":["GET"]}}],"collection":[{"href":"https:\/\/duport-aberle.ch\/de\/wp-json\/wp\/v2\/pages"}],"about":[{"href":"https:\/\/duport-aberle.ch\/de\/wp-json\/wp\/v2\/types\/page"}],"author":[{"embeddable":true,"href":"https:\/\/duport-aberle.ch\/de\/wp-json\/wp\/v2\/users\/1"}],"replies":[{"embeddable":true,"href":"https:\/\/duport-aberle.ch\/de\/wp-json\/wp\/v2\/comments?post=212"}],"version-history":[{"count":1,"href":"https:\/\/duport-aberle.ch\/de\/wp-json\/wp\/v2\/pages\/212\/revisions"}],"predecessor-version":[{"id":950,"href":"https:\/\/duport-aberle.ch\/de\/wp-json\/wp\/v2\/pages\/212\/revisions\/950"}],"wp:featuredmedia":[{"embeddable":true,"href":"https:\/\/duport-aberle.ch\/de\/wp-json\/wp\/v2\/media\/135"}],"wp:attachment":[{"href":"https:\/\/duport-aberle.ch\/de\/wp-json\/wp\/v2\/media?parent=212"}],"curies":[{"name":"wp","href":"https:\/\/api.w.org\/{rel}","templated":true}]}}